{"id":1408,"date":"2015-06-01T14:06:22","date_gmt":"2015-06-01T14:06:22","guid":{"rendered":"http:\/\/finance-business.cmsmasters.net\/?page_id=1408"},"modified":"2025-09-16T22:24:36","modified_gmt":"2025-09-17T03:24:36","slug":"quienessomos","status":"publish","type":"page","link":"https:\/\/finanfondo.com\/index.php\/quienessomos\/","title":{"rendered":"QUI\u00c9NES SOMOS"},"content":{"rendered":"<style type=\"text\/css\"> \n#cmsms_row_69f5d4ac562ad6_69679259 { \n\tbackground-image: url(https:\/\/finanfondo.com\/wp-content\/uploads\/2019\/09\/nuestroFondo1.jpg); \n\tbackground-position: top center; \n\tbackground-repeat: no-repeat; \n\tbackground-attachment: scroll; \n\tbackground-size: cover; \n} \n\n#cmsms_row_69f5d4ac562ad6_69679259 .cmsms_row_outer_parent { \n\tpadding-top: 55px; \n} \n\n#cmsms_row_69f5d4ac562ad6_69679259 .cmsms_row_outer_parent { \n\tpadding-bottom: 65px; \n} \n\n#cmsms_row_69f5d4ac562ad6_69679259 .cmsms_row_overlay { \n\tbackground-color:rgba(54,68,78,0.1);\n} \n\n \n\n#cmsms_fb_69f5d4ac56ba31_72137863 { \n\tpadding-top:0px; \n\tpadding-bottom:0px; \n\tbackground-color:#ffffff;\n} \n\n#cmsms_fb_69f5d4ac56ba31_72137863 .featured_block_inner { \n\twidth: 100%; \n\tpadding: 40px 50px 30px 50px ; \n\ttext-align: left; \n\tmargin:0 auto; \n} \n\n#cmsms_fb_69f5d4ac56ba31_72137863 .featured_block_text { \n\ttext-align: left; \n} \n\n \n#cmsms_heading_69f5d4ac56d4f9_86001698 { \n\ttext-align:left; \n\tmargin-top:0px; \n\tmargin-bottom:20px; \n} \n\n#cmsms_heading_69f5d4ac56d4f9_86001698 .cmsms_heading { \n\ttext-align:left; \n} \n\n#cmsms_heading_69f5d4ac56d4f9_86001698 .cmsms_heading, #cmsms_heading_69f5d4ac56d4f9_86001698 .cmsms_heading a { \n\tfont-family:'Source Sans Pro'; \n\tfont-weight:300; \n\tfont-style:normal; \n\tcolor:#36444e;\n} \n\n#cmsms_heading_69f5d4ac56d4f9_86001698 .cmsms_heading_divider { \n} \n\n \n#cmsms_divider_69f5d4ac56daa1_01070340 { \n\tborder-bottom-width:0px; \n\tborder-bottom-style:solid; \n\tpadding-top:0px; \n\tmargin-bottom:25px; \n} \n \n#cmsms_row_69f5d4ac56e6b2_82830390 .cmsms_row_outer_parent { \n\tpadding-top: 50px; \n} \n\n#cmsms_row_69f5d4ac56e6b2_82830390 .cmsms_row_outer_parent { \n\tpadding-bottom: 25px; \n} \n\n \n\n#cmsms_fb_69f5d4ac571967_63187402 { \n\tpadding-top:0px; \n\tpadding-bottom:0px; \n\tbackground-color:#ffffff;\n} \n\n#cmsms_fb_69f5d4ac571967_63187402 .featured_block_inner { \n\twidth: 100%; \n\tpadding: 40px 50px 30px 50px ; \n\ttext-align: left; \n\tmargin:0 auto; \n} \n\n#cmsms_fb_69f5d4ac571967_63187402 .featured_block_text { \n\ttext-align: left; \n} \n\n \n#cmsms_heading_69f5d4ac577a78_03330235 { \n\ttext-align:left; \n\tmargin-top:0px; \n\tmargin-bottom:20px; \n} \n\n#cmsms_heading_69f5d4ac577a78_03330235 .cmsms_heading { \n\ttext-align:left; \n} \n\n#cmsms_heading_69f5d4ac577a78_03330235 .cmsms_heading, #cmsms_heading_69f5d4ac577a78_03330235 .cmsms_heading a { \n\tfont-family:'Source Sans Pro'; \n\tfont-weight:300; \n\tfont-style:normal; \n\tcolor:#36444e;\n} \n\n#cmsms_heading_69f5d4ac577a78_03330235 .cmsms_heading_divider { \n} \n\n \n#cmsms_divider_69f5d4ac578062_36456403 { \n\tborder-bottom-width:0px; \n\tborder-bottom-style:solid; \n\tpadding-top:0px; \n\tmargin-bottom:2px; \n} \n \n#cmsms_heading_69f5d4ac578364_24824653 { \n\ttext-align:left; \n\tmargin-top:0px; \n\tmargin-bottom:20px; \n} \n\n#cmsms_heading_69f5d4ac578364_24824653 .cmsms_heading { \n\ttext-align:left; \n} \n\n#cmsms_heading_69f5d4ac578364_24824653 .cmsms_heading, #cmsms_heading_69f5d4ac578364_24824653 .cmsms_heading a { \n\tfont-family:'Source Sans Pro'; \n\tfont-weight:300; \n\tfont-style:normal; \n\tcolor:#36444e;\n} \n\n#cmsms_heading_69f5d4ac578364_24824653 .cmsms_heading_divider { \n} \n\n \n#cmsms_divider_69f5d4ac578689_54483533 { \n\tborder-bottom-width:0px; \n\tborder-bottom-style:solid; \n\tpadding-top:0px; \n\tmargin-bottom:2px; \n} \n \n#cmsms_heading_69f5d4ac578928_94218380 { \n\ttext-align:left; \n\tmargin-top:0px; \n\tmargin-bottom:20px; \n} \n\n#cmsms_heading_69f5d4ac578928_94218380 .cmsms_heading { \n\ttext-align:left; \n} \n\n#cmsms_heading_69f5d4ac578928_94218380 .cmsms_heading, #cmsms_heading_69f5d4ac578928_94218380 .cmsms_heading a { \n\tfont-family:'Source Sans Pro'; \n\tfont-weight:300; \n\tfont-style:normal; \n\tcolor:#36444e;\n} \n\n#cmsms_heading_69f5d4ac578928_94218380 .cmsms_heading_divider { \n} \n\n \n#cmsms_divider_69f5d4ac578b93_88903751 { \n\tborder-bottom-width:0px; \n\tborder-bottom-style:solid; \n\tpadding-top:0px; \n\tmargin-bottom:20px; \n} \n<\/style>\t\t<div data-elementor-type=\"wp-page\" data-elementor-id=\"1408\" class=\"elementor elementor-1408\" data-elementor-settings=\"[]\">\n\t\t\t\t\t\t\t<div class=\"elementor-section-wrap\">\n\t\t\t\t\t\t\t<section class=\"elementor-section elementor-top-section elementor-element elementor-element-6b2bbaac elementor-section-boxed elementor-section-height-default elementor-section-height-default\" data-id=\"6b2bbaac\" data-element_type=\"section\">\n\t\t\t\t\t\t<div class=\"elementor-container elementor-column-gap-default\">\n\t\t\t\t\t<div class=\"elementor-column elementor-col-100 elementor-top-column elementor-element elementor-element-37734b8b\" data-id=\"37734b8b\" data-element_type=\"column\">\n\t\t\t<div class=\"elementor-widget-wrap elementor-element-populated\">\n\t\t\t\t\t\t\t\t<div class=\"elementor-element elementor-element-41d51ded elementor-widget elementor-widget-text-editor\" data-id=\"41d51ded\" data-element_type=\"widget\" data-widget_type=\"text-editor.default\">\n\t\t\t\t<div class=\"elementor-widget-container\">\n\t\t\t\t\t\t\t\t<p><div id=\"cmsms_row_69f5d4ac562ad6_69679259\" class=\"cmsms_row cmsms_color_scheme_default\">\n<div class=\"cmsms_row_outer_parent\">\n<div class=\"cmsms_row_overlay\"><\/div>\n<div class=\"cmsms_row_outer\">\n<div class=\"cmsms_row_inner\">\n<div class=\"cmsms_row_margin\">\n<div class=\"cmsms_column one_half\">\n<div id=\"cmsms_fb_69f5d4ac56ba31_72137863\" class=\"cmsms_featured_block\" data-animation=\"fadeInUp\" data-delay=\"0\">\n<div class=\"featured_block_inner\">\n<div class=\"featured_block_text\">\n\n<div id=\"cmsms_heading_69f5d4ac56d4f9_86001698\" class=\"cmsms_heading_wrap cmsms_heading_align_left\">\n\t<h1 class=\"cmsms_heading\">NUESTRO FONDO<\/h1>\n<\/div>\n<p style=\"text-align: justify;\"><span style=\"color: #808080;\"><strong>El Fondo Complementario Previsional Cerrado de Cesant\u00eda del Ministerio de Econom\u00eda y Finanzas y el Servicio Nacional de Aduana del Ecuador, FINANFONDO FCPC, fue creado el 9 de junio de 1980, mediante acuerdo Ministerial Nro. 293, constituy\u00e9ndose en uno de los fondos m\u00e1s s\u00f3lidos del pa\u00eds sin fines de lucro, brindando beneficios para los funcionarios del Ministerio de Econom\u00eda y Finanzas y del SENAE, a efecto de reconocer una cesant\u00eda al salir de las instituciones, misi\u00f3n que durante su trayectoria se evidencia ha sido cumplida dentro de los par\u00e1metros establecidos en el contrato social.<\/strong><\/span><\/p>\n<p><span style=\"color: #808080;\"><strong>FINANFONDO FCPC, es regulado por la Superintendencia de Bancos.<\/strong><\/span><\/p>\n<p><span style=\"line-height: 20pt; font-size: 12pt; color: #999999;\">\n<div id=\"cmsms_divider_69f5d4ac56daa1_01070340\" class=\"cl\"><\/div><\/span><\/p>\n<\/div>\n<\/div>\n<\/div>\n<\/div>\n<div class=\"cmsms_column one_half\">\n<\/div>\n<\/div>\n<\/div>\n<\/div>\n<\/div>\n<\/div>\n<div id=\"cmsms_row_69f5d4ac56e6b2_82830390\" class=\"cmsms_row cmsms_color_scheme_default\">\n<div class=\"cmsms_row_outer_parent\">\n<div class=\"cmsms_row_outer\">\n<div class=\"cmsms_row_inner\">\n<div class=\"cmsms_row_margin\">\n<div class=\"cmsms_column one_first\">\n<div id=\"cmsms_fb_69f5d4ac571967_63187402\" class=\"cmsms_featured_block\" data-animation=\"fadeInUp\" data-delay=\"0\">\n<div class=\"featured_block_inner\">\n<div class=\"featured_block_text\">\n\n<div id=\"cmsms_heading_69f5d4ac577a78_03330235\" class=\"cmsms_heading_wrap cmsms_heading_align_left\">\n\t<h1 class=\"cmsms_heading\">MISI\u00d3N<\/h1>\n<\/div>\n<p style=\"text-align: justify;\"><strong><span style=\"color: #808080; font-size: 13pt;\">Invertir y rentabilizar los valores aportados por los part\u00edcipes con perspectivas de mediano y largo plazo, minimizando los riesgos probables y realizando una adecuada gesti\u00f3n t\u00e9cnica, manteniendo siempre un alto nivel de calidad en el servicio y una alta perspectiva humana.<\/span><\/strong><\/p>\n<p><span style=\"line-height: 20pt; font-size: 12pt; color: #999999;\">\n<div id=\"cmsms_divider_69f5d4ac578062_36456403\" class=\"cl\"><\/div><\/span><\/p>\n\n<div id=\"cmsms_heading_69f5d4ac578364_24824653\" class=\"cmsms_heading_wrap cmsms_heading_align_left\">\n\t<h1 class=\"cmsms_heading\">VISI\u00d3N<\/h1>\n<\/div>\n<p style=\"text-align: justify;\"><span style=\"color: #808080; font-size: 13pt;\"><strong>Constituirnos en uno de los fondos de Cesant\u00eda m\u00e1s seguros y rentables del pa\u00eds, que brinde a sus part\u00edcipes un servicio eficaz y eficiente.<\/strong><\/span><\/p>\n<p><span style=\"line-height: 20pt; font-size: 12pt; color: #999999;\">\n<div id=\"cmsms_divider_69f5d4ac578689_54483533\" class=\"cl\"><\/div><\/span><\/p>\n\n<div id=\"cmsms_heading_69f5d4ac578928_94218380\" class=\"cmsms_heading_wrap cmsms_heading_align_left\">\n\t<h1 class=\"cmsms_heading\">VALORES CORPORATIVOS<\/h1>\n<\/div>\n<p style=\"text-align: justify;\"><strong><span style=\"color: #808080; font-size: 13pt;\">RESPONSABILIDAD.- \u00a0Asumir nuestras funciones y deberes, con la convicci\u00f3n y certeza de cumplirlas de manera eficaz, eficiente y oportuna con los part\u00edcipes.<\/span><\/strong><\/p>\n<p style=\"text-align: justify;\"><strong><span style=\"color: #808080; font-size: 13pt;\">RESPETO.- Brindar a los part\u00edcipes un trato digno y sin discriminaciones, que permita mantener la decisi\u00f3n aut\u00e9ntica de no transgredir los derechos de los individuos y de la sociedad.<\/span><\/strong><\/p>\n<p style=\"text-align: justify;\"><strong><span style=\"color: #808080; font-size: 13pt;\">DEMOCRACIA.- Toma de decisiones colectivas por los part\u00edcipes, en lo referente a la gesti\u00f3n del Fondo de Cesant\u00eda, mediante la participaci\u00f3n y el protagonismo.<\/span><\/strong><\/p>\n<p style=\"text-align: justify;\"><strong><span style=\"color: #808080; font-size: 13pt;\">SERVICIO.- Ofrece una \u00f3ptima calidad de servicio a los part\u00edcipes, mediante el desarrollo de productos y servicios que respondan a sus necesidades.<\/span><\/strong><\/p>\n<p style=\"text-align: justify;\"><strong><span style=\"color: #808080; font-size: 13pt;\">SOLIDARIDAD.- Apoyar, cooperar en la soluci\u00f3n de problemas de los part\u00edcipes, la familia y la comunidad.<\/span><\/strong><\/p>\n<p style=\"text-align: justify;\"><strong><span style=\"color: #808080; font-size: 13pt;\">HONESTIDAD.- Evidenciar en cada una de nuestras acciones, un comportamiento probo y sincero, que demuestre una profunda solvencia e integridad moral y \u00e9tica.<\/span><\/strong><\/p>\n<p style=\"text-align: justify;\"><span style=\"line-height: 20pt; font-size: 12pt; color: #999999;\"><strong><span style=\"color: #808080; font-size: 13pt;\">TRABAJO EN EQUIPO.- Desarrollar nuestra capacidad de interacci\u00f3n, integraci\u00f3n y mejoramiento continuo, para desarrollar propuestas de valor innovadoras que permitan y viabilicen anticiparnos a las necesidades de nuestros part\u00edcipes.<\/span><\/strong> <\/span><\/p>\n\n<div id=\"cmsms_divider_69f5d4ac578b93_88903751\" class=\"cl\"><\/div>\n<\/div>\n<\/div>\n<\/div>\n<\/div>\n<\/div>\n<\/div>\n<\/div>\n<\/div>\n<\/div>\n<\/p>\t\t\t\t\t\t<\/div>\n\t\t\t\t<\/div>\n\t\t\t\t<div class=\"elementor-element elementor-element-a4592c6 elementor-tabs-view-horizontal elementor-widget elementor-widget-tabs\" data-id=\"a4592c6\" data-element_type=\"widget\" data-widget_type=\"tabs.default\">\n\t\t\t\t<div class=\"elementor-widget-container\">\n\t\t\t\t\t<div class=\"elementor-tabs\">\n\t\t\t<div class=\"elementor-tabs-wrapper\" role=\"tablist\" >\n\t\t\t\t\t\t\t\t\t<div id=\"elementor-tab-title-1721\" class=\"elementor-tab-title elementor-tab-desktop-title\" aria-selected=\"true\" data-tab=\"1\" role=\"tab\" tabindex=\"0\" aria-controls=\"elementor-tab-content-1721\" aria-expanded=\"false\">ASAMBLEA DE PART\u00cdCIPES 2025 - 2027<\/div>\n\t\t\t\t\t\t\t<\/div>\n\t\t\t<div class=\"elementor-tabs-content-wrapper\" role=\"tablist\" aria-orientation=\"vertical\">\n\t\t\t\t\t\t\t\t\t<div class=\"elementor-tab-title elementor-tab-mobile-title\" aria-selected=\"true\" data-tab=\"1\" role=\"tab\" tabindex=\"0\" aria-controls=\"elementor-tab-content-1721\" aria-expanded=\"false\">ASAMBLEA DE PART\u00cdCIPES 2025 - 2027<\/div>\n\t\t\t\t\t<div id=\"elementor-tab-content-1721\" class=\"elementor-tab-content elementor-clearfix\" data-tab=\"1\" role=\"tabpanel\" aria-labelledby=\"elementor-tab-title-1721\" tabindex=\"0\" hidden=\"false\"><p>\t\t<div data-elementor-type=\"section\" data-elementor-id=\"6257\" class=\"elementor elementor-6257\" data-elementor-settings=\"[]\">\n\t\t\t\t\t\t\t<div class=\"elementor-section-wrap\">\n\t\t\t\t\t\t\t<section class=\"elementor-section elementor-top-section elementor-element elementor-element-92ce5bc elementor-section-boxed elementor-section-height-default elementor-section-height-default\" data-id=\"92ce5bc\" data-element_type=\"section\">\n\t\t\t\t\t\t<div class=\"elementor-container elementor-column-gap-default\">\n\t\t\t\t\t<div class=\"elementor-column elementor-col-100 elementor-top-column elementor-element elementor-element-4f46e3e\" data-id=\"4f46e3e\" data-element_type=\"column\">\n\t\t\t<div class=\"elementor-widget-wrap elementor-element-populated\">\n\t\t\t\t\t\t\t\t<div class=\"elementor-element elementor-element-06fe6fd elementor-widget elementor-widget-text-editor\" data-id=\"06fe6fd\" data-element_type=\"widget\" data-widget_type=\"text-editor.default\">\n\t\t\t\t<div class=\"elementor-widget-container\">\n\t\t\t\t\t\t\t\t<figure class=\"table\">\n    <table>\n        <tbody>\n            <tr>\n                <td style=\"vertical-align:top;\" width=\"141\">\n                    <p>\n                        <span style=\"color:#5bc0de;\">Representante Legal<\/span>&nbsp;\n                    <\/p>\n                    <p>\n                        <strong>ING. KARLA RAM\u00cdREZ CORRAL<\/strong>\n                    <\/p>\n                    <p>\n                        Representante Legal\n                    <\/p>\n                <\/td>\n                <td style=\"vertical-align:top;\" width=\"141\">\n                    <p>\n                        <span style=\"color:#5bc0de;\">Representante<\/span>&nbsp;\n                    <\/p>\n                    <p>\n                        <strong>Cumba Jara Franklin Gustavo&nbsp;<\/strong>&nbsp;\n                    <\/p>\n                    <p>\n                        MEF\n                    <\/p>\n                <\/td>\n                <td style=\"vertical-align:top;\" width=\"141\">\n                    <p>\n                        <span style=\"color:#5bc0de;\">Representante<\/span>&nbsp;\n                    <\/p>\n                    <p>\n                        <strong>Herrera Mera Juan Carlos&nbsp;<\/strong>\n                    <\/p>\n                    <p>\n                        MEF\n                    <\/p>\n                <\/td>\n                <td style=\"vertical-align:top;\" width=\"141\">\n                    <p>\n                        <span style=\"color:#5bc0de;\">Representante<\/span>&nbsp;\n                    <\/p>\n                    <p>\n                        <strong>Cevallos Martinez Cristina Melina<\/strong>&nbsp;\n                    <\/p>\n                    <p>\n                        MEF\n                    <\/p>\n                <\/td>\n            <\/tr>\n            <tr>\n                <td style=\"vertical-align:top;\" width=\"141\">\n                    <p>\n                        <span style=\"color:#5bc0de;\">Representante<\/span>&nbsp;\n                    <\/p>\n                    <p>\n                        <strong>Nieto Garc\u00eda Emma Alexandra<\/strong>&nbsp;\n                    <\/p>\n                    <p>\n                        MEF\n                    <\/p>\n                <\/td>\n                <td style=\"vertical-align:top;\" width=\"141\">\n                    <p>\n                        <span style=\"color:#5bc0de;\">Representante<\/span>&nbsp;\n                    <\/p>\n                    <p>\n                        <strong>Guerrero Vivanco Jenny Beatriz<\/strong>&nbsp;\n                    <\/p>\n                    <p>\n                        MEF&nbsp;<strong>&nbsp;<\/strong>\n                    <\/p>\n                <\/td>\n                <td style=\"vertical-align:top;\" width=\"141\">\n                    <p>\n                        <span style=\"color:#5bc0de;\">Representante<\/span>&nbsp;\n                    <\/p>\n                    <p>\n                        <strong>Salgado Andrade Jose Vinicio <\/strong>&nbsp;\n                    <\/p>\n                    <p>\n                        SENAE\n                    <\/p>\n                <\/td>\n                <td style=\"vertical-align:top;\" width=\"141\">\n                    <p>\n                        <span style=\"color:#5bc0de;\">Representante<\/span>&nbsp;\n                    <\/p>\n                    <p>\n                        <strong>Apunte Silva Hernan Santiago \n<\/strong>\n                    <\/p>\n                    <p>\n                        SENAE\n                    <\/p>\n                <\/td>\n            <\/tr>\n            <tr>\n                <td style=\"vertical-align:top;\" width=\"141\">\n                    <p>\n                        <span style=\"color:#5bc0de;\">Representante<\/span>&nbsp;\n                    <\/p>\n                    <p>\n                        <strong>Vintimilla Ugalde Pablo Xavier \n<\/strong>\n                    <\/p>\n                    <p>\n                        SENAE\n                    <\/p>\n                <\/td>\n                <td style=\"vertical-align:top;\" width=\"141\">\n                    <p>\n                        <span style=\"color:#5bc0de;\">Representante<\/span>&nbsp;\n                    <\/p>\n                    <p>\n                        <strong>Negrete Carpio Mayer Alfredo \n<\/strong>&nbsp;\n                    <\/p>\n                    <p>\n                        SENAE\n                    <\/p>\n                <\/td>\n                <td style=\"vertical-align:top;\" width=\"141\">\n                    <p>\n                        <span style=\"color:#5bc0de;\">Representante<\/span>&nbsp;\n                    <\/p>\n                    <p>\n                        <strong>Bustamante Chuquizala Harold Joao\n<\/strong>&nbsp;\n                    <\/p>\n                    <p>\n                        SENAE\n                    <\/p>\n                <\/td>\n                <td style=\"vertical-align:top;\" width=\"141\">\n                    <p>\n                        <span style=\"color:#5bc0de;\">Representante<\/span>&nbsp;\n                    <\/p>\n                    <p>\n                        <strong>Baldeon Osorio Brandon David \n<\/strong>&nbsp;\n                    <\/p>\n                    <p>\n                        SENAE\n                    <\/p>\n                <\/td>\n            <\/tr>\n            <tr>\n                <td style=\"vertical-align:top;\" width=\"141\">\n                    <p>\n                        <span style=\"color:#5bc0de;\">Representante<\/span>&nbsp;\n                    <\/p>\n                    <p>\n                        <strong>Unamuno Mejia Mariuxi \n<\/strong>&nbsp;\n                    <\/p>\n                    <p>\n                        SENAE\n                    <\/p>\n                <\/td>\n                <td style=\"vertical-align:top;\" width=\"141\">\n                    <p>\n                        <span style=\"color:#5bc0de;\">Representante<\/span>&nbsp;\n                    <\/p>\n                    <p>\n                        <strong>Apunte Silva Xavier Ramiro \n<\/strong>&nbsp;\n                    <\/p>\n                    <p>\n                        SENAE\n                    <\/p>\n                <\/td>\n                <td style=\"vertical-align:top;\" width=\"141\">\n                    <p>\n                        <span style=\"color:#5bc0de;\">Representante<\/span>&nbsp;\n                    <\/p>\n                    <p>\n                        <strong>Flores Flores Agustin Henry \n<\/strong>&nbsp;\n                    <\/p>\n                    <p>\n                        SENAE\n                    <\/p>\n                <\/td>\n                <td style=\"vertical-align:top;\" width=\"141\">\n                    <p>\n                        <span style=\"color:#5bc0de;\">Representante<\/span>&nbsp;\n                    <\/p>\n                    <p>\n                        <strong>Ojeda Delgado Evelin Katherine \n<\/strong>&nbsp;\n                    <\/p>\n                    <p>\n                        SENAE\n                    <\/p>\n                <\/td>\n            <\/tr>\n            <tr>\n                <td style=\"vertical-align:top;\" width=\"141\">\n                    <p>\n                        <span style=\"color:#5bc0de;\">Representante<\/span>&nbsp;\n                    <\/p>\n                    <p>\n                        <strong>Paredes Rodr\u00edguez Byron Stalin \n<\/strong>&nbsp;\n                    <\/p>\n                    <p>\n                        SENAE\n                    <\/p>\n                <\/td>\n                <td style=\"vertical-align:top;\" width=\"141\">\n                    <p>\n                        <span style=\"color:#5bc0de;\">Representante<\/span>&nbsp;\n                    <\/p>\n                    <p>\n                        <strong>Portilla Cabrera Stalin Andres \n<\/strong>&nbsp;\n                    <\/p>\n                    <p>\n                        SENAE\n                    <\/p>\n                <\/td>\n                <td style=\"vertical-align:top;\" width=\"141\">\n                    <p>\n                        <span style=\"color:#5bc0de;\">Representante<\/span>&nbsp;\n                    <\/p>\n                    <p>\n                        <strong>Dominguez Llano Marco Patricio \n<\/strong>&nbsp;\n                    <\/p>\n                    <p>\n                        SENAE\n                    <\/p>\n                <\/td>\n                <td style=\"vertical-align:top;\" width=\"141\">\n                    <p>\n                        <span style=\"color:#5bc0de;\">Representante<\/span>&nbsp;\n                    <\/p>\n                    <p>\n                        <strong>Duque Chamorro Edgar Alejandro \n<\/strong>&nbsp;\n                    <\/p>\n                    <p>\n                        SENAE\n                    <\/p>\n                <\/td>\n            <\/tr>\n            <tr>\n                <td style=\"vertical-align:top;\" width=\"141\">\n                    <p>\n                        <span style=\"color:#5bc0de;\">Representante<\/span>&nbsp;\n                    <\/p>\n                    <p>\n                        <strong>Macas Palacios Edwin Alberto \n<\/strong>&nbsp;\n                    <\/p>\n                    <p>\n                        SENAE\n                    <\/p>\n                <\/td>\n                <td style=\"vertical-align:top;\" width=\"141\">\n                    <p>\n                        <span style=\"color:#5bc0de;\">Representante<\/span>&nbsp;\n                    <\/p>\n                    <p>\n                        <strong>Caranqui Espinosa Christian Mateo \n<\/strong>&nbsp;\n                    <\/p>\n                    <p>\n                        SENAE\n                    <\/p>\n                <\/td>\n                <td style=\"vertical-align:top;\" width=\"141\">\n                    <p>\n                        <span style=\"color:#5bc0de;\">Representante<\/span>&nbsp;\n                    <\/p>\n                    <p>\n                        <strong>Duque Ni\u00f1o Lilibeth \n<\/strong>&nbsp;\n                    <\/p>\n                    <p>\n                        SENAE\n                    <\/p>\n                <\/td>\n                <td style=\"vertical-align:top;\" width=\"141\">\n                    <p>\n                        <span style=\"color:#5bc0de;\">Representante<\/span>&nbsp;\n                    <\/p>\n                    <p>\n                        <strong>Espa\u00f1a Cuasquer Jonathan Dario\n<\/strong>&nbsp;\n                    <\/p>\n                    <p>\n                        SENAE\n                    <\/p>\n                <\/td>\n            <\/tr>\n            <tr>\n                <td style=\"vertical-align:top;\" width=\"141\">\n                    <p>\n                        <span style=\"color:#5bc0de;\">Representante<\/span>&nbsp;\n                    <\/p>\n                    <p>\n                        <strong>Ortiz Rojano Hugo Marcelo \n<\/strong>&nbsp;\n                    <\/p>\n                    <p>\n                        SENAE\n                    <\/p>\n                <\/td>\n                <td style=\"vertical-align:top;\" width=\"141\">\n                    <p>\n                        <span style=\"color:#5bc0de;\">Representante<\/span>&nbsp;\n                    <\/p>\n                    <p>\n                        <strong>Galora Moya Fausto Marcelo\n<\/strong>&nbsp;\n                    <\/p>\n                    <p>\n                        SENAE\n                    <\/p>\n                <\/td>\n                <td style=\"vertical-align:top;\" width=\"141\">\n                    &nbsp;\n                <\/td>\n                <td style=\"vertical-align:top;\" width=\"141\">\n                    &nbsp;\n                <\/td>\n            <\/tr>\n        <\/tbody>\n    <\/table>\n<\/figure>\t\t\t\t\t\t<\/div>\n\t\t\t\t<\/div>\n\t\t\t\t\t<\/div>\n\t\t<\/div>\n\t\t\t\t\t\t\t<\/div>\n\t\t<\/section>\n\t\t\t\t\t\t<\/div>\n\t\t\t\t\t<\/div>\n\t\t<\/p><\/div>\n\t\t\t\t\t\t\t<\/div>\n\t\t<\/div>\n\t\t\t\t<\/div>\n\t\t\t\t<\/div>\n\t\t\t\t\t<\/div>\n\t\t<\/div>\n\t\t\t\t\t\t\t<\/div>\n\t\t<\/section>\n\t\t\t\t<section class=\"elementor-section elementor-top-section elementor-element elementor-element-026f6c6 elementor-section-boxed elementor-section-height-default elementor-section-height-default\" data-id=\"026f6c6\" data-element_type=\"section\">\n\t\t\t\t\t\t<div class=\"elementor-container elementor-column-gap-default\">\n\t\t\t\t\t<div class=\"elementor-column elementor-col-100 elementor-top-column elementor-element elementor-element-dd46614\" data-id=\"dd46614\" data-element_type=\"column\">\n\t\t\t<div class=\"elementor-widget-wrap elementor-element-populated\">\n\t\t\t\t\t\t\t\t<div class=\"elementor-element elementor-element-d6e47a1 elementor-widget elementor-widget-heading\" data-id=\"d6e47a1\" data-element_type=\"widget\" data-widget_type=\"heading.default\">\n\t\t\t\t<div class=\"elementor-widget-container\">\n\t\t\t<h2 class=\"elementor-heading-title elementor-size-default\">El Fondo Complementario Previsional Cerrado de Cesant\u00eda del Ministerio de Finanzas y Servicio Nacional de Aduana del Ecuador, FINANFONDO FCPC cuenta con la siguiente estructura organizacional aprobada el 25 de enero de 2025, en la 1era Asamblea de Representantes.<\/h2>\t\t<\/div>\n\t\t\t\t<\/div>\n\t\t\t\t\t<\/div>\n\t\t<\/div>\n\t\t\t\t\t\t\t<\/div>\n\t\t<\/section>\n\t\t\t\t<section class=\"elementor-section elementor-top-section elementor-element elementor-element-f716e47 elementor-section-full_width elementor-section-height-default elementor-section-height-default\" data-id=\"f716e47\" data-element_type=\"section\">\n\t\t\t\t\t\t<div class=\"elementor-container elementor-column-gap-default\">\n\t\t\t\t\t<div class=\"elementor-column elementor-col-100 elementor-top-column elementor-element elementor-element-4552d52\" data-id=\"4552d52\" data-element_type=\"column\">\n\t\t\t<div class=\"elementor-widget-wrap elementor-element-populated\">\n\t\t\t\t\t\t\t\t<div class=\"elementor-element elementor-element-18a3675 elementor-widget__width-inherit elementor-widget elementor-widget-image\" data-id=\"18a3675\" data-element_type=\"widget\" data-widget_type=\"image.default\">\n\t\t\t\t<div class=\"elementor-widget-container\">\n\t\t\t\t\t\t\t\t\t\t\t\t\t\t\t<img loading=\"lazy\" decoding=\"async\" width=\"827\" height=\"567\" src=\"https:\/\/finanfondo.com\/wp-content\/uploads\/2025\/03\/organigrama2025-1.png\" class=\"attachment-full size-full\" alt=\"\" srcset=\"https:\/\/finanfondo.com\/wp-content\/uploads\/2025\/03\/organigrama2025-1.png 827w, https:\/\/finanfondo.com\/wp-content\/uploads\/2025\/03\/organigrama2025-1-300x206.png 300w, https:\/\/finanfondo.com\/wp-content\/uploads\/2025\/03\/organigrama2025-1-768x527.png 768w, https:\/\/finanfondo.com\/wp-content\/uploads\/2025\/03\/organigrama2025-1-580x398.png 580w, https:\/\/finanfondo.com\/wp-content\/uploads\/2025\/03\/organigrama2025-1-820x562.png 820w, https:\/\/finanfondo.com\/wp-content\/uploads\/2025\/03\/organigrama2025-1-600x411.png 600w\" sizes=\"auto, (max-width: 827px) 100vw, 827px\" \/>\t\t\t\t\t\t\t\t\t\t\t\t\t\t\t<\/div>\n\t\t\t\t<\/div>\n\t\t\t\t\t<\/div>\n\t\t<\/div>\n\t\t\t\t\t\t\t<\/div>\n\t\t<\/section>\n\t\t\t\t\t\t<\/div>\n\t\t\t\t\t<\/div>\n\t\t","protected":false},"excerpt":{"rendered":"<p>ASAMBLEA DE PART\u00cdCIPES 2025 &#8211; 2027 ASAMBLEA DE PART\u00cdCIPES 2025 &#8211; 2027 Representante Legal&nbsp; ING. KARLA RAM\u00cdREZ CORRAL Representante Legal Representante&nbsp; Cumba Jara Franklin Gustavo&nbsp;&nbsp; MEF Representante&nbsp; Herrera Mera Juan Carlos&nbsp; MEF Representante&nbsp; Cevallos Martinez Cristina Melina&nbsp; MEF Representante&nbsp; Nieto Garc\u00eda Emma Alexandra&nbsp; MEF Representante&nbsp; Guerrero Vivanco Jenny Beatriz&nbsp; MEF&nbsp;&nbsp; Representante&nbsp; Salgado Andrade Jose Vinicio&#8230;<\/p>\n","protected":false},"author":1,"featured_media":0,"parent":0,"menu_order":0,"comment_status":"closed","ping_status":"closed","template":"","meta":{"footnotes":""},"class_list":["post-1408","page","type-page","status-publish","hentry"],"yoast_head":"<!-- This site is optimized with the Yoast SEO plugin v18.4.1 - https:\/\/yoast.com\/wordpress\/plugins\/seo\/ -->\n<title>QUI\u00c9NES SOMOS - FINANFONDO<\/title>\n<meta name=\"robots\" content=\"index, follow, max-snippet:-1, max-image-preview:large, max-video-preview:-1\" \/>\n<link rel=\"canonical\" href=\"https:\/\/finanfondo.com\/index.php\/quienessomos\/\" \/>\n<meta property=\"og:locale\" content=\"es_ES\" \/>\n<meta property=\"og:type\" content=\"article\" \/>\n<meta property=\"og:title\" content=\"QUI\u00c9NES SOMOS - FINANFONDO\" \/>\n<meta property=\"og:description\" content=\"ASAMBLEA DE PART\u00cdCIPES 2025 &#8211; 2027 ASAMBLEA DE PART\u00cdCIPES 2025 &#8211; 2027 Representante Legal&nbsp; ING. KARLA RAM\u00cdREZ CORRAL Representante Legal Representante&nbsp; Cumba Jara Franklin Gustavo&nbsp;&nbsp; MEF Representante&nbsp; Herrera Mera Juan Carlos&nbsp; MEF Representante&nbsp; Cevallos Martinez Cristina Melina&nbsp; MEF Representante&nbsp; Nieto Garc\u00eda Emma Alexandra&nbsp; MEF Representante&nbsp; Guerrero Vivanco Jenny Beatriz&nbsp; MEF&nbsp;&nbsp; Representante&nbsp; Salgado Andrade Jose Vinicio...\" \/>\n<meta property=\"og:url\" content=\"https:\/\/finanfondo.com\/index.php\/quienessomos\/\" \/>\n<meta property=\"og:site_name\" content=\"FINANFONDO\" \/>\n<meta property=\"article:modified_time\" content=\"2025-09-17T03:24:36+00:00\" \/>\n<meta property=\"og:image\" content=\"https:\/\/finanfondo.com\/wp-content\/uploads\/2025\/03\/organigrama2025-1.png\" \/>\n<meta name=\"twitter:card\" content=\"summary_large_image\" \/>\n<meta name=\"twitter:label1\" content=\"Tiempo de lectura\" \/>\n\t<meta name=\"twitter:data1\" content=\"5 minutos\" \/>\n<script type=\"application\/ld+json\" class=\"yoast-schema-graph\">{\"@context\":\"https:\/\/schema.org\",\"@graph\":[{\"@type\":\"WebSite\",\"@id\":\"https:\/\/finanfondo.com\/#website\",\"url\":\"https:\/\/finanfondo.com\/\",\"name\":\"FINANFONDO\",\"description\":\"FINANFONDO FCPC\",\"potentialAction\":[{\"@type\":\"SearchAction\",\"target\":{\"@type\":\"EntryPoint\",\"urlTemplate\":\"https:\/\/finanfondo.com\/?s={search_term_string}\"},\"query-input\":\"required name=search_term_string\"}],\"inLanguage\":\"es\"},{\"@type\":\"ImageObject\",\"@id\":\"https:\/\/finanfondo.com\/index.php\/quienessomos\/#primaryimage\",\"inLanguage\":\"es\",\"url\":\"https:\/\/finanfondo.com\/wp-content\/uploads\/2025\/03\/organigrama2025-1.png\",\"contentUrl\":\"https:\/\/finanfondo.com\/wp-content\/uploads\/2025\/03\/organigrama2025-1.png\",\"width\":827,\"height\":567},{\"@type\":\"WebPage\",\"@id\":\"https:\/\/finanfondo.com\/index.php\/quienessomos\/#webpage\",\"url\":\"https:\/\/finanfondo.com\/index.php\/quienessomos\/\",\"name\":\"QUI\u00c9NES SOMOS - FINANFONDO\",\"isPartOf\":{\"@id\":\"https:\/\/finanfondo.com\/#website\"},\"primaryImageOfPage\":{\"@id\":\"https:\/\/finanfondo.com\/index.php\/quienessomos\/#primaryimage\"},\"datePublished\":\"2015-06-01T14:06:22+00:00\",\"dateModified\":\"2025-09-17T03:24:36+00:00\",\"breadcrumb\":{\"@id\":\"https:\/\/finanfondo.com\/index.php\/quienessomos\/#breadcrumb\"},\"inLanguage\":\"es\",\"potentialAction\":[{\"@type\":\"ReadAction\",\"target\":[\"https:\/\/finanfondo.com\/index.php\/quienessomos\/\"]}]},{\"@type\":\"BreadcrumbList\",\"@id\":\"https:\/\/finanfondo.com\/index.php\/quienessomos\/#breadcrumb\",\"itemListElement\":[{\"@type\":\"ListItem\",\"position\":1,\"name\":\"Portada\",\"item\":\"https:\/\/finanfondo.com\/\"},{\"@type\":\"ListItem\",\"position\":2,\"name\":\"QUI\u00c9NES SOMOS\"}]}]}<\/script>\n<!-- \/ Yoast SEO plugin. -->","yoast_head_json":{"title":"QUI\u00c9NES SOMOS - FINANFONDO","robots":{"index":"index","follow":"follow","max-snippet":"max-snippet:-1","max-image-preview":"max-image-preview:large","max-video-preview":"max-video-preview:-1"},"canonical":"https:\/\/finanfondo.com\/index.php\/quienessomos\/","og_locale":"es_ES","og_type":"article","og_title":"QUI\u00c9NES SOMOS - FINANFONDO","og_description":"ASAMBLEA DE PART\u00cdCIPES 2025 &#8211; 2027 ASAMBLEA DE PART\u00cdCIPES 2025 &#8211; 2027 Representante Legal&nbsp; ING. KARLA RAM\u00cdREZ CORRAL Representante Legal Representante&nbsp; Cumba Jara Franklin Gustavo&nbsp;&nbsp; MEF Representante&nbsp; Herrera Mera Juan Carlos&nbsp; MEF Representante&nbsp; Cevallos Martinez Cristina Melina&nbsp; MEF Representante&nbsp; Nieto Garc\u00eda Emma Alexandra&nbsp; MEF Representante&nbsp; Guerrero Vivanco Jenny Beatriz&nbsp; MEF&nbsp;&nbsp; Representante&nbsp; Salgado Andrade Jose Vinicio...","og_url":"https:\/\/finanfondo.com\/index.php\/quienessomos\/","og_site_name":"FINANFONDO","article_modified_time":"2025-09-17T03:24:36+00:00","og_image":[{"url":"https:\/\/finanfondo.com\/wp-content\/uploads\/2025\/03\/organigrama2025-1.png"}],"twitter_card":"summary_large_image","twitter_misc":{"Tiempo de lectura":"5 minutos"},"schema":{"@context":"https:\/\/schema.org","@graph":[{"@type":"WebSite","@id":"https:\/\/finanfondo.com\/#website","url":"https:\/\/finanfondo.com\/","name":"FINANFONDO","description":"FINANFONDO FCPC","potentialAction":[{"@type":"SearchAction","target":{"@type":"EntryPoint","urlTemplate":"https:\/\/finanfondo.com\/?s={search_term_string}"},"query-input":"required name=search_term_string"}],"inLanguage":"es"},{"@type":"ImageObject","@id":"https:\/\/finanfondo.com\/index.php\/quienessomos\/#primaryimage","inLanguage":"es","url":"https:\/\/finanfondo.com\/wp-content\/uploads\/2025\/03\/organigrama2025-1.png","contentUrl":"https:\/\/finanfondo.com\/wp-content\/uploads\/2025\/03\/organigrama2025-1.png","width":827,"height":567},{"@type":"WebPage","@id":"https:\/\/finanfondo.com\/index.php\/quienessomos\/#webpage","url":"https:\/\/finanfondo.com\/index.php\/quienessomos\/","name":"QUI\u00c9NES SOMOS - FINANFONDO","isPartOf":{"@id":"https:\/\/finanfondo.com\/#website"},"primaryImageOfPage":{"@id":"https:\/\/finanfondo.com\/index.php\/quienessomos\/#primaryimage"},"datePublished":"2015-06-01T14:06:22+00:00","dateModified":"2025-09-17T03:24:36+00:00","breadcrumb":{"@id":"https:\/\/finanfondo.com\/index.php\/quienessomos\/#breadcrumb"},"inLanguage":"es","potentialAction":[{"@type":"ReadAction","target":["https:\/\/finanfondo.com\/index.php\/quienessomos\/"]}]},{"@type":"BreadcrumbList","@id":"https:\/\/finanfondo.com\/index.php\/quienessomos\/#breadcrumb","itemListElement":[{"@type":"ListItem","position":1,"name":"Portada","item":"https:\/\/finanfondo.com\/"},{"@type":"ListItem","position":2,"name":"QUI\u00c9NES SOMOS"}]}]}},"_links":{"self":[{"href":"https:\/\/finanfondo.com\/index.php\/wp-json\/wp\/v2\/pages\/1408","targetHints":{"allow":["GET"]}}],"collection":[{"href":"https:\/\/finanfondo.com\/index.php\/wp-json\/wp\/v2\/pages"}],"about":[{"href":"https:\/\/finanfondo.com\/index.php\/wp-json\/wp\/v2\/types\/page"}],"author":[{"embeddable":true,"href":"https:\/\/finanfondo.com\/index.php\/wp-json\/wp\/v2\/users\/1"}],"replies":[{"embeddable":true,"href":"https:\/\/finanfondo.com\/index.php\/wp-json\/wp\/v2\/comments?post=1408"}],"version-history":[{"count":293,"href":"https:\/\/finanfondo.com\/index.php\/wp-json\/wp\/v2\/pages\/1408\/revisions"}],"predecessor-version":[{"id":7048,"href":"https:\/\/finanfondo.com\/index.php\/wp-json\/wp\/v2\/pages\/1408\/revisions\/7048"}],"wp:attachment":[{"href":"https:\/\/finanfondo.com\/index.php\/wp-json\/wp\/v2\/media?parent=1408"}],"curies":[{"name":"wp","href":"https:\/\/api.w.org\/{rel}","templated":true}]}}